{"id":8,"date":"2023-07-07T12:27:58","date_gmt":"2023-07-07T10:27:58","guid":{"rendered":"http:\/\/localhost:8888\/davidikonomou\/?page_id=8"},"modified":"2026-03-11T12:32:54","modified_gmt":"2026-03-11T11:32:54","slug":"8-2","status":"publish","type":"page","link":"https:\/\/davidikonomou.de\/en\/","title":{"rendered":"Startseite"},"content":{"rendered":"<p>[et_pb_section fb_built=&#8220;1&#8243; admin_label=&#8220;Header&#8220; _builder_version=&#8220;4.22.1&#8243; _module_preset=&#8220;default&#8220; background_image=&#8220;https:\/\/davidikonomou.de\/wp-content\/uploads\/2023\/08\/bachgriechenland_bearb.jpeg&#8220; parallax=&#8220;on&#8220; custom_padding=&#8220;35vh||||false|false&#8220; background_last_edited=&#8220;on|tablet&#8220; parallax_tablet=&#8220;off&#8220; collapsed=&#8220;off&#8220; global_colors_info=&#8220;{}&#8220;][et_pb_row custom_padding_last_edited=&#8220;on|desktop&#8220; _builder_version=&#8220;4.22.1&#8243; _module_preset=&#8220;default&#8220; background_color=&#8220;rgba(43,63,18,0.52)&#8220; width=&#8220;auto&#8220; width_tablet=&#8220;auto&#8220; width_phone=&#8220;auto&#8220; width_last_edited=&#8220;on|desktop&#8220; custom_padding_tablet=&#8220;&#8220; custom_padding_phone=&#8220;&#8220; animation_style=&#8220;fade&#8220; animation_duration=&#8220;1500ms&#8220; animation_delay=&#8220;500ms&#8220; global_colors_info=&#8220;{}&#8220;][et_pb_column type=&#8220;4_4&#8243; _builder_version=&#8220;4.22.1&#8243; _module_preset=&#8220;default&#8220; custom_padding_tablet=&#8220;&#8220; custom_padding_phone=&#8220;&#8220; custom_padding_last_edited=&#8220;on|desktop&#8220; global_colors_info=&#8220;{}&#8220;][et_pb_text _builder_version=&#8220;4.22.1&#8243; _module_preset=&#8220;2d6a9956-8e57-4c40-acf3-f6db1567d25b&#8220; header_font=&#8220;Cormorant Garamond|700||on|||||&#8220; header_text_color=&#8220;#FFFFFF&#8220; header_font_size=&#8220;70px&#8220; header_letter_spacing=&#8220;0.1em&#8220; header_4_font=&#8220;Cormorant Garamond|700||on|||||&#8220; header_4_text_color=&#8220;#ffffff&#8220; header_4_font_size=&#8220;70px&#8220; header_4_letter_spacing=&#8220;0.1em&#8220; text_orientation=&#8220;center&#8220; header_font_size_tablet=&#8220;42px&#8220; header_font_size_phone=&#8220;22px&#8220; header_font_size_last_edited=&#8220;on|tablet&#8220; global_colors_info=&#8220;{}&#8220;]<\/p>\n<h1>Stimme | Musik | Yoga<\/h1>\n<p>[\/et_pb_text][et_pb_text _builder_version=&#8220;4.22.1&#8243; _module_preset=&#8220;3fabb492-2a07-4b9c-9e83-4c845b07d1cb&#8220; header_font=&#8220;Karla|600||on|||||&#8220; header_text_color=&#8220;#FFFFFF&#8220; header_font_size=&#8220;65px&#8220; header_letter_spacing=&#8220;0em&#8220; header_2_font=&#8220;Karla|600||on|||||&#8220; header_2_text_color=&#8220;#FFFFFF&#8220; header_2_font_size=&#8220;55px&#8220; text_orientation=&#8220;center&#8220; custom_margin=&#8220;0vw||0vw||true|false&#8220; header_2_font_size_tablet=&#8220;36px&#8220; header_2_font_size_phone=&#8220;22px&#8220; header_2_font_size_last_edited=&#8220;on|tablet&#8220; global_colors_info=&#8220;{}&#8220;]<\/p>\n<h2>David Ikonomou<\/h2>\n<p>[\/et_pb_text][\/et_pb_column][\/et_pb_row][et_pb_row _builder_version=&#8220;4.21.0&#8243; _module_preset=&#8220;default&#8220; background_enable_color=&#8220;off&#8220; animation_style=&#8220;fade&#8220; animation_duration=&#8220;1500ms&#8220; animation_delay=&#8220;500ms&#8220; global_colors_info=&#8220;{}&#8220;][et_pb_column type=&#8220;4_4&#8243; _builder_version=&#8220;4.20.0&#8243; _module_preset=&#8220;default&#8220; global_colors_info=&#8220;{}&#8220;][et_pb_icon font_icon=&#8220;&#x43;||divi||400&#8243; icon_color=&#8220;#FFFFFF&#8220; icon_width=&#8220;70px&#8220; url=&#8220;#work&#8220; _builder_version=&#8220;4.21.0&#8243; _module_preset=&#8220;default&#8220; custom_margin=&#8220;5rem||0px||false|false&#8220; custom_padding=&#8220;0px||0px||true|false&#8220; global_colors_info=&#8220;{}&#8220;][\/et_pb_icon][\/et_pb_column][\/et_pb_row][\/et_pb_section][et_pb_section fb_built=&#8220;1&#8243; admin_label=&#8220;\u00dcbersicht&#8220; module_id=&#8220;work&#8220; _builder_version=&#8220;4.21.0&#8243; _module_preset=&#8220;default&#8220; custom_padding=&#8220;10vw||10vw||true|false&#8220; collapsed=&#8220;on&#8220; global_colors_info=&#8220;{}&#8220;][et_pb_row column_structure=&#8220;1_3,1_3,1_3&#8243; custom_padding_last_edited=&#8220;on|tablet&#8220; _builder_version=&#8220;4.22.0&#8243; _module_preset=&#8220;default&#8220; custom_padding_tablet=&#8220;||0px||false|false&#8220; custom_padding_phone=&#8220;||0px||false|false&#8220; saved_tabs=&#8220;all&#8220; global_colors_info=&#8220;{}&#8220;][et_pb_column type=&#8220;1_3&#8243; _builder_version=&#8220;4.22.0&#8243; _module_preset=&#8220;default&#8220; background_color=&#8220;RGBA(255,255,255,0)&#8220; animation_style=&#8220;fade&#8220; animation_delay=&#8220;150ms&#8220; link_option_url=&#8220;#stimme&#8220; box_shadow_style=&#8220;preset4&#8243; box_shadow_horizontal=&#8220;0px&#8220; box_shadow_vertical=&#8220;0px&#8220; box_shadow_color=&#8220;#F9F9F9&#8243; global_colors_info=&#8220;{}&#8220; background__hover_enabled=&#8220;on|desktop&#8220; box_shadow_spread__hover_enabled=&#8220;on|hover&#8220; box_shadow_spread__hover=&#8220;20px&#8220; background_color__hover=&#8220;#F9F9F9&#8243; background_enable_color__hover=&#8220;on&#8220;][et_pb_image src=&#8220;https:\/\/davidikonomou.de\/wp-content\/uploads\/2023\/08\/voice_cut.jpg&#8220; title_text=&#8220;voice_cut&#8220; align_tablet=&#8220;center&#8220; align_phone=&#8220;center&#8220; align_last_edited=&#8220;on|tablet&#8220; _builder_version=&#8220;4.22.1&#8243; _module_preset=&#8220;default&#8220; width=&#8220;20rem&#8220; max_width=&#8220;100%&#8220; global_colors_info=&#8220;{}&#8220;][\/et_pb_image][et_pb_text _builder_version=&#8220;4.22.1&#8243; _module_preset=&#8220;6c7e82c3-bb25-4ae7-91bb-6271ccfcb184&#8243; header_3_font=&#8220;Cormorant Garamond|700||on|||||&#8220; header_3_font_size=&#8220;30px&#8220; header_3_letter_spacing=&#8220;0.2em&#8220; header_3_line_height=&#8220;1.4em&#8220; header_5_font_size=&#8220;30px&#8220; header_5_letter_spacing=&#8220;0.2em&#8220; custom_margin=&#8220;||10px||false|false&#8220; header_3_text_align_tablet=&#8220;center&#8220; header_3_text_align_phone=&#8220;center&#8220; header_3_text_align_last_edited=&#8220;on|tablet&#8220; global_colors_info=&#8220;{}&#8220;]<\/p>\n<h3>Stimme<\/h3>\n<p>[\/et_pb_text][et_pb_text _builder_version=&#8220;4.22.1&#8243; _module_preset=&#8220;a5b46e16-1a5a-4ab1-a1bc-957a91a7f254&#8243; text_font=&#8220;Karla|300|||||||&#8220; text_font_size=&#8220;18px&#8220; text_orientation_tablet=&#8220;center&#8220; text_orientation_phone=&#8220;center&#8220; text_orientation_last_edited=&#8220;on|tablet&#8220; global_colors_info=&#8220;{}&#8220;]<\/p>\n<p class=\"p1\" style=\"text-align: justify;\">Die Stimme ist die K\u00f6nigin der Instrumente, weil sie Teil unserer nat\u00fcrlichen Ausstattung ist und somit unseren K\u00f6rper, also uns selbst zum Musikinstrument macht. Vokalmusik ist wohl einer der \u00e4ltesten Str\u00e4nge der menschlichen Musikgeschichte.<\/p>\n<p>[\/et_pb_text][\/et_pb_column][et_pb_column type=&#8220;1_3&#8243; _builder_version=&#8220;4.22.0&#8243; _module_preset=&#8220;default&#8220; background_color=&#8220;RGBA(255,255,255,0)&#8220; animation_style=&#8220;fade&#8220; animation_delay=&#8220;250ms&#8220; link_option_url=&#8220;#musik&#8220; box_shadow_style=&#8220;preset4&#8243; box_shadow_horizontal=&#8220;0px&#8220; box_shadow_vertical=&#8220;0px&#8220; box_shadow_color=&#8220;#F9F9F9&#8243; global_colors_info=&#8220;{}&#8220; background__hover_enabled=&#8220;on|hover&#8220; box_shadow_spread__hover=&#8220;20px&#8220; box_shadow_spread__hover_enabled=&#8220;on|hover&#8220; background_color__hover=&#8220;#F9F9F9&#8243; background_enable_color__hover=&#8220;on&#8220;][et_pb_image src=&#8220;https:\/\/davidikonomou.de\/wp-content\/uploads\/2023\/08\/music_cut.jpg&#8220; title_text=&#8220;music_cut&#8220; align_tablet=&#8220;center&#8220; align_phone=&#8220;center&#8220; align_last_edited=&#8220;on|tablet&#8220; _builder_version=&#8220;4.22.1&#8243; _module_preset=&#8220;default&#8220; width=&#8220;20rem&#8220; max_width=&#8220;100%&#8220; global_colors_info=&#8220;{}&#8220;][\/et_pb_image][et_pb_text _builder_version=&#8220;4.22.1&#8243; _module_preset=&#8220;6c7e82c3-bb25-4ae7-91bb-6271ccfcb184&#8243; header_3_font=&#8220;Cormorant Garamond|700||on|||||&#8220; header_3_font_size=&#8220;30px&#8220; header_3_letter_spacing=&#8220;0.2em&#8220; header_3_line_height=&#8220;1.4em&#8220; header_5_font_size=&#8220;30px&#8220; header_5_letter_spacing=&#8220;0.2em&#8220; custom_margin=&#8220;||10px||false|false&#8220; header_3_text_align_tablet=&#8220;center&#8220; header_3_text_align_phone=&#8220;center&#8220; header_3_text_align_last_edited=&#8220;on|tablet&#8220; global_colors_info=&#8220;{}&#8220;]<\/p>\n<h3>Musik<\/h3>\n<p>[\/et_pb_text][et_pb_text _builder_version=&#8220;4.22.1&#8243; _module_preset=&#8220;a5b46e16-1a5a-4ab1-a1bc-957a91a7f254&#8243; text_font=&#8220;Karla|300|||||||&#8220; text_font_size=&#8220;18px&#8220; text_orientation_tablet=&#8220;center&#8220; text_orientation_phone=&#8220;center&#8220; text_orientation_last_edited=&#8220;on|tablet&#8220; global_colors_info=&#8220;{}&#8220;]<\/p>\n<p class=\"p1\" style=\"text-align: justify;\">Seit fr\u00fchem Erwachsenenalter war ich Teil verschiedener Musikprojekte in Deutschland und Griechenland. Mein Hauptinteresse an Musik ist ihre transformierende Kraft. Ich sch\u00e4tze Musik vor allem als Werkzeug f\u00fcr den pers\u00f6nlichen, einzigartigen Ausdruck und die transpersonale Verbindung zu einem kollektiven Feld oder der universellen Quelle.<\/p>\n<p>[\/et_pb_text][\/et_pb_column][et_pb_column type=&#8220;1_3&#8243; _builder_version=&#8220;4.22.0&#8243; _module_preset=&#8220;default&#8220; background_color=&#8220;RGBA(255,255,255,0)&#8220; animation_style=&#8220;fade&#8220; animation_delay=&#8220;350ms&#8220; link_option_url=&#8220;#yoga&#8220; box_shadow_style=&#8220;preset4&#8243; box_shadow_horizontal=&#8220;0px&#8220; box_shadow_vertical=&#8220;0px&#8220; box_shadow_color=&#8220;#F9F9F9&#8243; global_colors_info=&#8220;{}&#8220; background_color__hover=&#8220;#F9F9F9&#8243; background__hover_enabled=&#8220;on|hover&#8220; box_shadow_spread__hover=&#8220;20px&#8220; box_shadow_spread__hover_enabled=&#8220;on|hover&#8220; background_enable_color__hover=&#8220;on&#8220;][et_pb_image src=&#8220;https:\/\/davidikonomou.de\/wp-content\/uploads\/2023\/08\/yoga_cut.jpg&#8220; title_text=&#8220;yoga_cut&#8220; align_tablet=&#8220;center&#8220; align_phone=&#8220;center&#8220; align_last_edited=&#8220;on|tablet&#8220; _builder_version=&#8220;4.22.1&#8243; _module_preset=&#8220;default&#8220; width=&#8220;20rem&#8220; max_width=&#8220;100%&#8220; global_colors_info=&#8220;{}&#8220;][\/et_pb_image][et_pb_text _builder_version=&#8220;4.22.1&#8243; _module_preset=&#8220;6c7e82c3-bb25-4ae7-91bb-6271ccfcb184&#8243; header_3_font=&#8220;Cormorant Garamond|700||on|||||&#8220; header_3_font_size=&#8220;30px&#8220; header_3_letter_spacing=&#8220;0.2em&#8220; header_3_line_height=&#8220;1.4em&#8220; header_5_font_size=&#8220;30px&#8220; header_5_letter_spacing=&#8220;0.2em&#8220; custom_margin=&#8220;||10px||false|false&#8220; header_3_text_align_tablet=&#8220;center&#8220; header_3_text_align_phone=&#8220;center&#8220; header_3_text_align_last_edited=&#8220;on|tablet&#8220; global_colors_info=&#8220;{}&#8220;]<\/p>\n<h3>Yoga<\/h3>\n<p>[\/et_pb_text][et_pb_text _builder_version=&#8220;4.22.1&#8243; _module_preset=&#8220;a5b46e16-1a5a-4ab1-a1bc-957a91a7f254&#8243; text_font=&#8220;Karla|300|||||||&#8220; text_font_size=&#8220;18px&#8220; text_orientation_tablet=&#8220;center&#8220; text_orientation_phone=&#8220;center&#8220; text_orientation_last_edited=&#8220;on|tablet&#8220; global_colors_info=&#8220;{}&#8220;]<\/p>\n<p class=\"p1\" style=\"text-align: justify;\">Yoga ist eine ganzheitliche Praxis, die mich schon seit meinem jungen Erwachsenenalter pr\u00e4gt. Im Laufe der Jahre kam ich mit vielen verschiedenen Yoga-Stilen in Kontakt und wurde von verschiedenen internationalen Lehrern beeinflusst.<span class=\"Apple-converted-space\"><\/span><\/p>\n<p>[\/et_pb_text][\/et_pb_column][\/et_pb_row][\/et_pb_section][et_pb_section fb_built=&#8220;1&#8243; custom_padding_last_edited=&#8220;on|tablet&#8220; admin_label=&#8220;Music&#8220; module_id=&#8220;stimme&#8220; _builder_version=&#8220;4.22.1&#8243; _module_preset=&#8220;default&#8220; background_color=&#8220;#61876e&#8220; background_enable_image=&#8220;off&#8220; parallax=&#8220;on&#8220; custom_margin=&#8220;|2em|2em|2em|false|true&#8220; custom_padding=&#8220;5em|0px|5em|0px|true|true&#8220; custom_padding_tablet=&#8220;2em|0px|2em|0px|true|true&#8220; custom_padding_phone=&#8220;2em|0px|2em|0px|true|true&#8220; collapsed=&#8220;on&#8220; global_colors_info=&#8220;{}&#8220;][et_pb_row custom_padding_last_edited=&#8220;on|tablet&#8220; _builder_version=&#8220;4.22.1&#8243; _module_preset=&#8220;default&#8220; width=&#8220;100%&#8220; max_width=&#8220;100%&#8220; custom_padding=&#8220;|||5em|false|false&#8220; custom_padding_tablet=&#8220;0px||1em|5em|false|false&#8220; custom_padding_phone=&#8220;|||1em|false|false&#8220; global_colors_info=&#8220;{}&#8220;][et_pb_column type=&#8220;4_4&#8243; _builder_version=&#8220;4.22.1&#8243; _module_preset=&#8220;default&#8220; global_colors_info=&#8220;{}&#8220;][et_pb_text module_id=&#8220;voice&#8220; _builder_version=&#8220;4.22.1&#8243; _module_preset=&#8220;2a7db551-1432-45db-903b-3583f0f1b067&#8243; header_2_font=&#8220;Cormorant Garamond|700||on|||||&#8220; header_2_text_align=&#8220;left&#8220; header_2_text_color=&#8220;#FFFFFF&#8220; header_2_font_size=&#8220;70px&#8220; header_2_letter_spacing=&#8220;0.1em&#8220; text_orientation=&#8220;center&#8220; animation_style=&#8220;fade&#8220; motion_trigger_start=&#8220;top&#8220; header_2_font_size_phone=&#8220;30px&#8220; global_colors_info=&#8220;{}&#8220;]<\/p>\n<h2>STIMME<\/h2>\n<p>[\/et_pb_text][\/et_pb_column][\/et_pb_row][et_pb_row column_structure=&#8220;1_3,2_3&#8243; custom_padding_last_edited=&#8220;on|tablet&#8220; _builder_version=&#8220;4.22.1&#8243; _module_preset=&#8220;default&#8220; width=&#8220;100%&#8220; max_width=&#8220;100%&#8220; custom_margin=&#8220;0px|0px|0px|0px|true|true&#8220; custom_padding=&#8220;0px|5em|0px|5em|true|true&#8220; custom_padding_tablet=&#8220;0px|0em|0px|0em|true|true&#8220; custom_padding_phone=&#8220;0px|0em|0px|0em|true|true&#8220; global_colors_info=&#8220;{}&#8220;][et_pb_column type=&#8220;1_3&#8243; _builder_version=&#8220;4.22.1&#8243; _module_preset=&#8220;default&#8220; custom_padding=&#8220;||||false|false&#8220; custom_padding_tablet=&#8220;|5em||5em|false|true&#8220; custom_padding_phone=&#8220;|1em||1em|false|true&#8220; custom_padding_last_edited=&#8220;on|tablet&#8220; global_colors_info=&#8220;{}&#8220;][et_pb_text _builder_version=&#8220;4.22.1&#8243; _module_preset=&#8220;a5b46e16-1a5a-4ab1-a1bc-957a91a7f254&#8243; text_font=&#8220;Karla|300|||||||&#8220; text_text_color=&#8220;#FFFFFF&#8220; text_font_size=&#8220;18px&#8220; max_width_tablet=&#8220;&#8220; max_width_phone=&#8220;&#8220; max_width_last_edited=&#8220;on|tablet&#8220; custom_padding_tablet=&#8220;||||false|false&#8220; custom_padding_phone=&#8220;||||false|false&#8220; custom_padding_last_edited=&#8220;on|tablet&#8220; global_colors_info=&#8220;{}&#8220;]<\/p>\n<p class=\"p1\" style=\"text-align: justify;\">Die Stimme ist die K\u00f6nigin der Instrumente, weil sie Teil unserer nat\u00fcrlichen Ausstattung ist und somit unseren K\u00f6rper, also uns selbst zum Musikinstrument macht. Vokalmusik ist wohl einer der \u00e4ltesten Str\u00e4nge der menschlichen Musikgeschichte. Sie hat das Potenzial, uns zutiefst zu ber\u00fchren, uns auf einer ganz tiefen, essenziellen Ebene in Schwingung zu versetzen.<span class=\"Apple-converted-space\">\u00a0<\/span><\/p>\n<p class=\"p1\" style=\"text-align: justify;\">Die Stimme ist Teil unseres ureigensten menschlichen Ausdrucks, wir benutzen sie in der Regel allt\u00e4glich, sie ist ein uns sehr vertrautes Medium.<\/p>\n<p>[\/et_pb_text][\/et_pb_column][et_pb_column type=&#8220;2_3&#8243; _builder_version=&#8220;4.22.1&#8243; _module_preset=&#8220;default&#8220; custom_css_main_element=&#8220;display: flex;||flex-direction: column;||align-items: center;&#8220; global_colors_info=&#8220;{}&#8220; custom_css_main_element_last_edited=&#8220;on|desktop&#8220; custom_css_main_element_tablet=&#8220; &#8220; custom_css_main_element_phone=&#8220; &#8222;][et_pb_image src=&#8220;https:\/\/davidikonomou.de\/wp-content\/uploads\/2024\/09\/davidguitarLivelou.jpeg&#8220; title_text=&#8220;david&#038;guitarLivelou&#8220; show_bottom_space=&#8220;off&#8220; align=&#8220;right&#8220; _builder_version=&#8220;4.23.1&#8243; _module_preset=&#8220;default&#8220; width=&#8220;100%&#8220; min_height_last_edited=&#8220;off|desktop&#8220; custom_padding=&#8220;||||false|false&#8220; custom_padding_last_edited=&#8220;off|phone&#8220; animation_style=&#8220;slide&#8220; animation_direction=&#8220;right&#8220; animation_duration=&#8220;1500ms&#8220; animation_delay=&#8220;100ms&#8220; global_colors_info=&#8220;{}&#8220;][\/et_pb_image][\/et_pb_column][\/et_pb_row][et_pb_row custom_padding_last_edited=&#8220;on|phone&#8220; _builder_version=&#8220;4.22.1&#8243; _module_preset=&#8220;default&#8220; width=&#8220;100%&#8220; max_width=&#8220;100%&#8220; custom_padding=&#8220;|5em||5em|false|true&#8220; custom_padding_tablet=&#8220;|5em||5em|false|true&#8220; custom_padding_phone=&#8220;|1em||1em|false|true&#8220; global_colors_info=&#8220;{}&#8220;][et_pb_column type=&#8220;4_4&#8243; _builder_version=&#8220;4.21.2&#8243; _module_preset=&#8220;default&#8220; global_colors_info=&#8220;{}&#8220;][et_pb_text _builder_version=&#8220;4.22.1&#8243; _module_preset=&#8220;default&#8220; text_font=&#8220;Karla|300|||||||&#8220; text_text_color=&#8220;#FFFFFF&#8220; text_font_size=&#8220;18px&#8220; text_line_height=&#8220;1.8em&#8220; width_tablet=&#8220;&#8220; width_phone=&#8220;&#8220; width_last_edited=&#8220;on|tablet&#8220; max_width_tablet=&#8220;&#8220; max_width_phone=&#8220;&#8220; max_width_last_edited=&#8220;on|tablet&#8220; text_font_size_tablet=&#8220;15px&#8220; text_font_size_phone=&#8220;15px&#8220; text_font_size_last_edited=&#8220;on|tablet&#8220; module_alignment_tablet=&#8220;&#8220; module_alignment_phone=&#8220;&#8220; module_alignment_last_edited=&#8220;on|tablet&#8220; global_colors_info=&#8220;{}&#8220;]<\/p>\n<p class=\"p1\" style=\"text-align: justify;\">Meine eigene Stimmreise hat im Yoga-Kontext begonnen, als ich die unglaubliche Kraft der Mantra-Ges\u00e4nge am eigenen Leib erfuhr, und sich mir die Erfahrung von Stimm-Klang als Energie <span class=\"Apple-converted-space\">\u00a0 <\/span>er\u00f6ffnete. Ich begann, selbst Mantra-Singkreise abzuhalten und bekam einen weiteren, einschneidenden Impuls, als ich 2018 das erste mal an einem Workshop des israelischen Stimm- und Weisheitslehrers Amit Carmeli teilnahm. Ich nahm dann in der Folge an zwei 21-t\u00e4gigen Stimmreisen (\u2018vocal journeys\u2019) von Amit teil und nahm davon vielf\u00e4ltige Einfl\u00fcsse mit, die sowohl meinen eigenen Bezug zu meiner Stimme und meinem Selbst als auch meine Art des Raumhaltens in Sing- und Stimmkreisen nachhaltig ver\u00e4nderte und mir ganz neue, unsagbar tiefe und weite R\u00e4ume er\u00f6ffnete.<\/p>\n<p class=\"p1\" style=\"text-align: justify;\">So betrachte ich die Stimmarbeit heute als den wichtigsten Ausdruck meiner Berufung.<\/p>\n<p>[\/et_pb_text][\/et_pb_column][\/et_pb_row][\/et_pb_section][et_pb_section fb_built=&#8220;1&#8243; custom_padding_last_edited=&#8220;on|tablet&#8220; admin_label=&#8220;Music&#8220; module_id=&#8220;musik&#8220; _builder_version=&#8220;4.22.1&#8243; _module_preset=&#8220;default&#8220; background_color=&#8220;#3c6255&#8243; custom_margin=&#8220;|2em|2em|2em|false|true&#8220; custom_padding=&#8220;5em||5em||true|false&#8220; custom_padding_tablet=&#8220;2em||2em||true|false&#8220; custom_padding_phone=&#8220;2em||2em||true|false&#8220; collapsed=&#8220;on&#8220; global_colors_info=&#8220;{}&#8220;][et_pb_row custom_padding_last_edited=&#8220;on|tablet&#8220; _builder_version=&#8220;4.22.1&#8243; _module_preset=&#8220;default&#8220; width=&#8220;100%&#8220; max_width=&#8220;100%&#8220; custom_padding_tablet=&#8220;0px||1em|5em|false|false&#8220; custom_padding_phone=&#8220;|||1em|false|false&#8220; global_colors_info=&#8220;{}&#8220;][et_pb_column type=&#8220;4_4&#8243; _builder_version=&#8220;4.21.0&#8243; _module_preset=&#8220;default&#8220; global_colors_info=&#8220;{}&#8220;][et_pb_text _builder_version=&#8220;4.22.1&#8243; _module_preset=&#8220;2a7db551-1432-45db-903b-3583f0f1b067&#8243; header_2_font=&#8220;Cormorant Garamond|700||on|||||&#8220; header_2_text_align=&#8220;right&#8220; header_2_text_color=&#8220;#FFFFFF&#8220; header_2_font_size=&#8220;70px&#8220; header_2_letter_spacing=&#8220;0.1em&#8220; text_orientation=&#8220;center&#8220; custom_padding=&#8220;|5em|||false|false&#8220; animation_style=&#8220;fade&#8220; motion_trigger_start=&#8220;top&#8220; header_2_text_align_tablet=&#8220;left&#8220; header_2_text_align_phone=&#8220;left&#8220; header_2_text_align_last_edited=&#8220;on|tablet&#8220; header_2_font_size_phone=&#8220;30px&#8220; global_colors_info=&#8220;{}&#8220;]<\/p>\n<h2>MUSIK<\/h2>\n<p>[\/et_pb_text][\/et_pb_column][\/et_pb_row][et_pb_row column_structure=&#8220;3_5,2_5&#8243; custom_padding_last_edited=&#8220;on|tablet&#8220; _builder_version=&#8220;4.22.1&#8243; _module_preset=&#8220;default&#8220; width=&#8220;100%&#8220; max_width=&#8220;100%&#8220; custom_padding=&#8220;|5em|0px|5em|false|false&#8220; custom_padding_tablet=&#8220;0px|5em|0px|5em|true|false&#8220; custom_padding_phone=&#8220;|1em||1em|false|true&#8220; global_colors_info=&#8220;{}&#8220;][et_pb_column type=&#8220;3_5&#8243; _builder_version=&#8220;4.21.0&#8243; _module_preset=&#8220;default&#8220; animation_style=&#8220;slide&#8220; animation_direction=&#8220;left&#8220; animation_duration=&#8220;1500ms&#8220; animation_delay=&#8220;100ms&#8220; global_colors_info=&#8220;{}&#8220;][et_pb_text _builder_version=&#8220;4.22.1&#8243; _module_preset=&#8220;2a7db551-1432-45db-903b-3583f0f1b067&#8243; header_2_text_color=&#8220;#FFFFFF&#8220; header_2_font_size=&#8220;45px&#8220; header_3_font=&#8220;Karla|300|||||||&#8220; header_3_text_color=&#8220;#FFFFFF&#8220; header_3_font_size=&#8220;25px&#8220; header_2_font_size_phone=&#8220;25px&#8220; header_3_font_size_tablet=&#8220;25px&#8220; header_3_font_size_phone=&#8220;22px&#8220; header_3_font_size_last_edited=&#8220;on|phone&#8220; header_3_line_height_tablet=&#8220;&#8220; header_3_line_height_phone=&#8220;1.2em&#8220; header_3_line_height_last_edited=&#8220;on|phone&#8220; global_colors_info=&#8220;{}&#8220;]<\/p>\n<h3 style=\"text-align: left;\">Neueste Ver\u00f6ffentlichung:<\/h3>\n<h2 style=\"text-align: left;\">A drop of your light<\/h2>\n<p>[\/et_pb_text][et_pb_code _builder_version=&#8220;4.22.1&#8243; _module_preset=&#8220;default&#8220; text_orientation=&#8220;center&#8220; global_colors_info=&#8220;{}&#8220;]<iframe style=\"border: 0; width: 100%; height: 120px;\" src=\"https:\/\/bandcamp.com\/EmbeddedPlayer\/album=930009718\/size=large\/bgcol=ffffff\/linkcol=0687f5\/tracklist=false\/artwork=small\/transparent=true\/\" seamless><a href=\"https:\/\/amrit.bandcamp.com\/album\/a-drop-of-your-light\">A drop of your light von Amrit<\/a><\/iframe>[\/et_pb_code][\/et_pb_column][et_pb_column type=&#8220;2_5&#8243; _builder_version=&#8220;4.20.0&#8243; _module_preset=&#8220;default&#8220; global_colors_info=&#8220;{}&#8220;][et_pb_text _builder_version=&#8220;4.22.1&#8243; _module_preset=&#8220;a5b46e16-1a5a-4ab1-a1bc-957a91a7f254&#8243; text_font=&#8220;Karla|300|||||||&#8220; text_text_color=&#8220;#FFFFFF&#8220; text_font_size=&#8220;18px&#8220; text_orientation=&#8220;right&#8220; text_orientation_tablet=&#8220;left&#8220; text_orientation_phone=&#8220;left&#8220; text_orientation_last_edited=&#8220;on|tablet&#8220; global_colors_info=&#8220;{}&#8220;]<\/p>\n<p class=\"p1\" style=\"text-align: justify;\">Musik und Klang haben mich schon immer zutiefst fasziniert.<span class=\"Apple-converted-space\">\u00a0<\/span>Da ich aus einer Familie mit klassischem Musikhintergrund stamme, hat es eine Weile gedauert, bis ich meinen eigenen musikalischen Weg jenseits traditioneller \u00c4sthetik und Dogmen gefunden habe.<span class=\"Apple-converted-space\">\u00a0<\/span><\/p>\n<p class=\"p1\" style=\"text-align: justify;\">Als Kind nahm ich Klavierunterricht und lernte als Jugendlicher klassische Gitarre. Nach meinem Schulabschluss habe ich 5 Jahre lang Musikwissenschaft an der Universit\u00e4t zu K\u00f6ln studiert. (M.A.)<\/p>\n<p>[\/et_pb_text][\/et_pb_column][\/et_pb_row][et_pb_row custom_padding_last_edited=&#8220;on|phone&#8220; _builder_version=&#8220;4.22.1&#8243; _module_preset=&#8220;default&#8220; width=&#8220;100%&#8220; max_width=&#8220;100%&#8220; custom_padding=&#8220;|5em||5em|false|true&#8220; custom_padding_tablet=&#8220;|5em||5em|false|true&#8220; custom_padding_phone=&#8220;|1em||1em|false|true&#8220; global_colors_info=&#8220;{}&#8220;][et_pb_column type=&#8220;4_4&#8243; _builder_version=&#8220;4.21.2&#8243; _module_preset=&#8220;default&#8220; global_colors_info=&#8220;{}&#8220;][et_pb_text _builder_version=&#8220;4.22.1&#8243; _module_preset=&#8220;default&#8220; text_font=&#8220;Karla|300|||||||&#8220; text_text_color=&#8220;#FFFFFF&#8220; text_font_size=&#8220;18px&#8220; text_line_height=&#8220;1.8em&#8220; text_orientation=&#8220;right&#8220; text_font_size_tablet=&#8220;15px&#8220; text_font_size_phone=&#8220;15px&#8220; text_font_size_last_edited=&#8220;on|tablet&#8220; text_orientation_tablet=&#8220;left&#8220; text_orientation_phone=&#8220;left&#8220; text_orientation_last_edited=&#8220;on|tablet&#8220; global_colors_info=&#8220;{}&#8220;]<\/p>\n<p class=\"p1\" style=\"text-align: justify;\">Seit fr\u00fchem Erwachsenenalter war ich Teil verschiedener Musikprojekte in Deutschland und Griechenland. Mein Hauptinteresse an Musik ist ihre transformierende Kraft. Ich sch\u00e4tze Musik vor allem als Werkzeug f\u00fcr den pers\u00f6nlichen, einzigartigen Ausdruck und die transpersonale Verbindung zu einem kollektiven Feld oder der universellen Quelle. Mein musikalischer Ausdruck und mein Raumhalten dienen immer diesem Ziel: der Ann\u00e4herung an unsere nat\u00fcrliche Essenz, an unser wahres Selbst, und die Beseitigung der Blockaden, denen wir auf dem Weg begegnen.<\/p>\n<p class=\"p1\" style=\"text-align: justify;\">Ich leite Singkreise und Stimmreisen bzw. -Workshops, die ich als kraftvolle Transformationsr\u00e4ume erlebe. Dabei verwende ich eine Vielzahl von Ans\u00e4tzen, von rohem Klang jenseits oder vor der Musik bis hin zu Melodien und Mantras mit unterschiedlichem Hintergrund.<\/p>\n<p class=\"p1\" style=\"text-align: justify;\">Ich biete au\u00dferdem Klangreisen (einzeln und in Gruppen) mit Didgeridoo und anderen Instrumenten an, die dabei helfen, Bewusstseinszust\u00e4nde zu ver\u00e4ndern.<\/p>\n<p class=\"p1\" style=\"text-align: justify;\">Ich trete in R\u00e4umen und Kontexten auf, die im Einklang mit meiner Arbeit und meinen Werten stehen.<\/p>\n<p>[\/et_pb_text][\/et_pb_column][\/et_pb_row][et_pb_row custom_padding_last_edited=&#8220;on|phone&#8220; _builder_version=&#8220;4.22.1&#8243; _module_preset=&#8220;default&#8220; width=&#8220;100%&#8220; max_width=&#8220;100%&#8220; custom_padding=&#8220;|5em|||false|false&#8220; custom_padding_tablet=&#8220;|0em|||false|false&#8220; custom_padding_phone=&#8220;|0em|||false|false&#8220; global_colors_info=&#8220;{}&#8220;][et_pb_column type=&#8220;4_4&#8243; _builder_version=&#8220;4.22.1&#8243; _module_preset=&#8220;default&#8220; global_colors_info=&#8220;{}&#8220;][et_pb_button button_url=&#8220;https:\/\/davidikonomou.de\/musik&#8220; button_text=&#8220;Mehr erfahren&#8220; button_alignment=&#8220;right&#8220; button_alignment_tablet=&#8220;center&#8220; button_alignment_phone=&#8220;center&#8220; button_alignment_last_edited=&#8220;on|tablet&#8220; _builder_version=&#8220;4.22.1&#8243; _module_preset=&#8220;default&#8220; custom_button=&#8220;on&#8220; button_text_color=&#8220;#353535&#8243; button_bg_color=&#8220;#FFFFFF&#8220; button_border_width=&#8220;0px&#8220; button_border_radius=&#8220;0px&#8220; button_font=&#8220;Karla||||||||&#8220; button_use_icon=&#8220;off&#8220; custom_padding=&#8220;||||false|false&#8220; button_font_last_edited=&#8220;off|desktop&#8220; global_colors_info=&#8220;{}&#8220; transform_styles__hover_enabled=&#8220;on|hover&#8220; transform_scale__hover_enabled=&#8220;on|hover&#8220; transform_translate__hover_enabled=&#8220;on|desktop&#8220; transform_rotate__hover_enabled=&#8220;on|desktop&#8220; transform_skew__hover_enabled=&#8220;on|desktop&#8220; transform_origin__hover_enabled=&#8220;on|desktop&#8220; transform_scale__hover=&#8220;104%|104%&#8220;][\/et_pb_button][\/et_pb_column][\/et_pb_row][\/et_pb_section][et_pb_section fb_built=&#8220;1&#8243; custom_padding_last_edited=&#8220;on|tablet&#8220; admin_label=&#8220;Yoga&#8220; module_id=&#8220;yoga&#8220; _builder_version=&#8220;4.22.1&#8243; _module_preset=&#8220;default&#8220; background_color=&#8220;#eae7b1&#8243; custom_margin=&#8220;|2em|2em|2em|false|true&#8220; custom_padding=&#8220;5em||5em||true|false&#8220; custom_padding_tablet=&#8220;2em||2em||true|false&#8220; custom_padding_phone=&#8220;2em||2em||true|false&#8220; collapsed=&#8220;on&#8220; global_colors_info=&#8220;{}&#8220;][et_pb_row custom_padding_last_edited=&#8220;on|tablet&#8220; _builder_version=&#8220;4.22.1&#8243; _module_preset=&#8220;default&#8220; width=&#8220;100%&#8220; max_width=&#8220;100%&#8220; custom_padding_tablet=&#8220;0px||1em||false|false&#8220; custom_padding_phone=&#8220;0px||1em||false|false&#8220; global_colors_info=&#8220;{}&#8220;][et_pb_column type=&#8220;4_4&#8243; _builder_version=&#8220;4.20.0&#8243; _module_preset=&#8220;default&#8220; global_colors_info=&#8220;{}&#8220;][et_pb_text _builder_version=&#8220;4.22.1&#8243; _module_preset=&#8220;2a7db551-1432-45db-903b-3583f0f1b067&#8243; header_2_font=&#8220;Cormorant Garamond|700||on|||||&#8220; header_2_text_color=&#8220;#353535&#8243; header_2_font_size=&#8220;70px&#8220; header_2_letter_spacing=&#8220;0.1em&#8220; text_orientation=&#8220;center&#8220; animation_style=&#8220;fade&#8220; motion_trigger_start=&#8220;top&#8220; header_2_font_size_phone=&#8220;30px&#8220; global_colors_info=&#8220;{}&#8220;]<\/p>\n<h2>YOGA<\/h2>\n<p>[\/et_pb_text][\/et_pb_column][\/et_pb_row][et_pb_row _builder_version=&#8220;4.21.2&#8243; _module_preset=&#8220;default&#8220; global_colors_info=&#8220;{}&#8220;][et_pb_column type=&#8220;4_4&#8243; _builder_version=&#8220;4.21.2&#8243; _module_preset=&#8220;default&#8220; global_colors_info=&#8220;{}&#8220;][et_pb_text _builder_version=&#8220;4.22.1&#8243; _module_preset=&#8220;default&#8220; text_font=&#8220;Karla|300|||||||&#8220; text_text_color=&#8220;#353535&#8243; text_font_size=&#8220;18px&#8220; text_line_height=&#8220;1.8em&#8220; text_font_size_tablet=&#8220;15px&#8220; text_font_size_phone=&#8220;15px&#8220; text_font_size_last_edited=&#8220;on|tablet&#8220; global_colors_info=&#8220;{}&#8220;]<\/p>\n<p class=\"p1\" style=\"text-align: justify;\">Nachdem ich w\u00e4hrend einer Reise durch Indien in den 1990er Jahren erste Eindr\u00fccke bez\u00fcglich Yoga gesammelt hatte, begann ich im Jahr 2000 an der Universit\u00e4t zu K\u00f6ln, dem Ort, an dem ich aufgewachsen war, Hatha Yoga (Sampoorna Yoga) bei Jutta Qu\u2019ja Hartmann zu lernen.<\/p>\n<p class=\"p1\" style=\"text-align: justify;\">Nachdem ich bereits 10 Jahre Erfahrung in der Yoga-Praxis hatte, erhielt ich 2010 die Zertifizierung zum Unterrichten am Sivananda Kutir in Netala, Himalaya in Indien. In den folgenden Jahren bis jetzt habe ich versucht, mich auch durch meine eigene regelm\u00e4\u00dfige Praxis kontinuierlich weiterzuentwickeln sowie verschiedene Kurse und Schulungen, an denen ich teilnehme.<span class=\"Apple-converted-space\">\u00a0<\/span><\/p>\n<p class=\"p1\" style=\"text-align: justify;\">Im Laufe der Jahre wurde ich mit vielen verschiedenen Yoga-Stilen in Kontakt gebracht und von verschiedenen Lehrern beeinflusst, darunter international renommierte Yogis, wie Simon Borg Oliviers Synergy Style und die reichhaltigen Lehren von Richard Freeman.<span class=\"Apple-converted-space\">\u00a0<\/span><\/p>\n<p class=\"p1\" style=\"text-align: justify;\">Nachdem ich zwischen September 2014 und Jamuar 2016 drei Lehrerausbildungen bei Kristina Karitinou abgeschlossen habe, unterrichte ich auch Ashtanga Vinyasa Yoga. Zuletzt bildete ich mich 2019 in Yogatherapie am Taohealth-Institut in Berlin weiter.<\/p>\n<p class=\"p1\" style=\"text-align: justify;\">In meinem Unterricht lege ich Wert auf die Kultivierung von Bewusstsein, Atmung und Ausrichtung und passe mich dabei den Bed\u00fcrfnissen des einzelnen Sch\u00fclers an.<span class=\"Apple-converted-space\">\u00a0<\/span><\/p>\n<p class=\"p1\" style=\"text-align: justify;\">Im Jahr 2005 wurde ich zum ersten Mal in die Vipassana-Meditation eingeweiht, wie sie von S.N.Goenka gelehrt wurde.<\/p>\n<p class=\"p1\" style=\"text-align: justify;\">\n<p class=\"p1\" style=\"text-align: justify;\">\n<p>[\/et_pb_text][\/et_pb_column][\/et_pb_row][\/et_pb_section][et_pb_section fb_built=&#8220;1&#8243; custom_padding_last_edited=&#8220;on|tablet&#8220; disabled_on=&#8220;off|off|off&#8220; admin_label=&#8220;Zitate&#8220; module_id=&#8220;aktuelles&#8220; _builder_version=&#8220;4.22.1&#8243; _module_preset=&#8220;default&#8220; background_color=&#8220;#a6bb8d&#8220; custom_margin=&#8220;|2em|2em|2em|false|true&#8220; custom_padding=&#8220;5em||5em||true|false&#8220; custom_padding_tablet=&#8220;2em||2em||true|false&#8220; custom_padding_phone=&#8220;2em||2em||true|false&#8220; collapsed=&#8220;on&#8220; global_colors_info=&#8220;{}&#8220;][et_pb_row custom_padding_last_edited=&#8220;on|tablet&#8220; _builder_version=&#8220;4.22.1&#8243; _module_preset=&#8220;default&#8220; custom_padding_tablet=&#8220;0px||1em||false|false&#8220; custom_padding_phone=&#8220;0px||1em||false|false&#8220; global_colors_info=&#8220;{}&#8220;][et_pb_column type=&#8220;4_4&#8243; _builder_version=&#8220;4.22.0&#8243; _module_preset=&#8220;default&#8220; global_colors_info=&#8220;{}&#8220;][et_pb_text _builder_version=&#8220;4.22.1&#8243; _module_preset=&#8220;2a7db551-1432-45db-903b-3583f0f1b067&#8243; header_2_font=&#8220;Cormorant Garamond|700||on|||||&#8220; header_2_text_color=&#8220;#FFFFFF&#8220; header_2_font_size=&#8220;70px&#8220; header_2_letter_spacing=&#8220;0.1em&#8220; text_orientation=&#8220;center&#8220; animation_style=&#8220;fade&#8220; motion_trigger_start=&#8220;top&#8220; header_2_font_size_phone=&#8220;30px&#8220; global_colors_info=&#8220;{}&#8220;]<\/p>\n<h2>AKTUELLES<\/h2>\n<p>[\/et_pb_text][\/et_pb_column][\/et_pb_row][et_pb_row _builder_version=&#8220;4.22.1&#8243; _module_preset=&#8220;default&#8220; global_colors_info=&#8220;{}&#8220;][et_pb_column type=&#8220;4_4&#8243; _builder_version=&#8220;4.22.1&#8243; _module_preset=&#8220;default&#8220; global_colors_info=&#8220;{}&#8220;][divi_events booking_params=&#8220;on&#8220; tags=&#8220;Aktuelles&#8220; _builder_version=&#8220;4.23.1&#8243; _module_preset=&#8220;default&#8220; module_font=&#8220;Karla|300|||||||&#8220; module_text_color=&#8220;#FFFFFF&#8220; module_font_size=&#8220;18px&#8220; module_line_height=&#8220;1.8em&#8220; background_color=&#8220;RGBA(255,255,255,0)&#8220; custom_css_main_element=&#8220;.am-event-date-month||{|| color: #3C6255;}&#8220; global_colors_info=&#8220;{}&#8220;][\/divi_events][\/et_pb_column][\/et_pb_row][\/et_pb_section][et_pb_section fb_built=&#8220;1&#8243; custom_padding_last_edited=&#8220;on|tablet&#8220; admin_label=&#8220;Yoga&#8220; module_id=&#8220;retreats&#8220; _builder_version=&#8220;4.22.1&#8243; _module_preset=&#8220;default&#8220; background_color=&#8220;#61876e&#8220; custom_margin=&#8220;|2em||2em|false|true&#8220; custom_padding=&#8220;5em||5em||true|false&#8220; custom_padding_tablet=&#8220;2em||2em||true|false&#8220; custom_padding_phone=&#8220;2em||2em||true|false&#8220; collapsed=&#8220;on&#8220; global_colors_info=&#8220;{}&#8220;][et_pb_row custom_padding_last_edited=&#8220;on|tablet&#8220; _builder_version=&#8220;4.22.1&#8243; _module_preset=&#8220;default&#8220; custom_margin=&#8220;||||false|false&#8220; custom_padding_tablet=&#8220;0px||1em||false|false&#8220; custom_padding_phone=&#8220;0px||1em||false|false&#8220; global_colors_info=&#8220;{}&#8220;][et_pb_column type=&#8220;4_4&#8243; _builder_version=&#8220;4.22.0&#8243; _module_preset=&#8220;default&#8220; global_colors_info=&#8220;{}&#8220;][et_pb_text _builder_version=&#8220;4.22.1&#8243; _module_preset=&#8220;2a7db551-1432-45db-903b-3583f0f1b067&#8243; header_2_font=&#8220;Cormorant Garamond|700||on|||||&#8220; header_2_text_color=&#8220;#FFFFFF&#8220; header_2_font_size=&#8220;70px&#8220; header_2_letter_spacing=&#8220;0.1em&#8220; text_orientation=&#8220;center&#8220; custom_margin=&#8220;||||false|false&#8220; animation_style=&#8220;fade&#8220; motion_trigger_start=&#8220;top&#8220; header_2_font_size_phone=&#8220;30px&#8220; global_colors_info=&#8220;{}&#8220;]<\/p>\n<h2>Retreats<\/h2>\n<p>[\/et_pb_text][\/et_pb_column][\/et_pb_row][et_pb_row column_structure=&#8220;1_3,1_3,1_3&#8243; module_id=&#8220;retreats&#8220; _builder_version=&#8220;4.22.0&#8243; _module_preset=&#8220;default&#8220; global_colors_info=&#8220;{}&#8220;][et_pb_column type=&#8220;1_3&#8243; _builder_version=&#8220;4.21.0&#8243; _module_preset=&#8220;default&#8220; custom_padding_tablet=&#8220;||30px||false|false&#8220; custom_padding_phone=&#8220;||30px||false|false&#8220; custom_padding_last_edited=&#8220;on|tablet&#8220; global_colors_info=&#8220;{}&#8220;][et_pb_image src=&#8220;https:\/\/davidikonomou.de\/wp-content\/uploads\/2023\/08\/retreat.jpg&#8220; title_text=&#8220;retreat&#8220; align=&#8220;center&#8220; _builder_version=&#8220;4.23.1&#8243; _module_preset=&#8220;default&#8220; background_color=&#8220;rgba(0,0,0,0.04)&#8220; height=&#8220;20rem&#8220; max_height=&#8220;20rem&#8220; custom_margin=&#8220;||||false|false&#8220; box_shadow_style=&#8220;preset4&#8243; box_shadow_horizontal=&#8220;0px&#8220; box_shadow_vertical=&#8220;0px&#8220; box_shadow_color=&#8220;rgba(0,0,0,0.05)&#8220; global_colors_info=&#8220;{}&#8220; custom_padding__hover_enabled=&#8220;off|hover&#8220; custom_padding__hover=&#8220;50px|50px|50px|50px|true|true&#8220; box_shadow_vertical__hover_enabled=&#8220;off|hover&#8220; box_shadow_blur__hover_enabled=&#8220;off|hover&#8220; box_shadow_blur__hover=&#8220;0px&#8220; box_shadow_color__hover_enabled=&#8220;off|hover&#8220; box_shadow_color__hover=&#8220;rgba(0,0,0,0.3)&#8220; custom_margin__hover_enabled=&#8220;off|hover&#8220; custom_margin__hover=&#8220;||62px||false|false&#8220; transform_styles__hover_enabled=&#8220;on|hover&#8220; box_shadow_spread__hover_enabled=&#8220;on|hover&#8220; box_shadow_spread__hover=&#8220;30px&#8220; transform_scale__hover=&#8220;90%|90%&#8220; transform_scale__hover_enabled=&#8220;on|hover&#8220; transform_translate__hover_enabled=&#8220;on|desktop&#8220; transform_rotate__hover_enabled=&#8220;on|desktop&#8220; transform_skew__hover_enabled=&#8220;on|desktop&#8220; transform_origin__hover_enabled=&#8220;on|desktop&#8220;][\/et_pb_image][et_pb_text _builder_version=&#8220;4.22.1&#8243; _module_preset=&#8220;787a425d-be8a-4c63-a527-3c2dfef2e202&#8243; header_text_color=&#8220;#FFFFFF&#8220; header_4_text_color=&#8220;#FFFFFF&#8220; header_4_font_size=&#8220;18px&#8220; header_4_letter_spacing=&#8220;0em&#8220; custom_margin=&#8220;||10px||false|false&#8220; header_4_font_size_phone=&#8220;18px&#8220; header_4_letter_spacing_tablet=&#8220;0em&#8220; header_4_letter_spacing_phone=&#8220;0em&#8220; header_4_letter_spacing_last_edited=&#8220;on|desktop&#8220; global_colors_info=&#8220;{}&#8220;]<\/p>\n<h4>Retreats<\/h4>\n<p>[\/et_pb_text][et_pb_text _builder_version=&#8220;4.22.1&#8243; _module_preset=&#8220;a5b46e16-1a5a-4ab1-a1bc-957a91a7f254&#8243; text_font=&#8220;Karla|300|||||||&#8220; text_text_color=&#8220;#FFFFFF&#8220; text_font_size=&#8220;18px&#8220; global_colors_info=&#8220;{}&#8220;]<\/p>\n<p style=\"text-align: justify;\">In diesem Jahr 2025 sind 2 Retreats in Griechenland geplant.<\/p>\n<p style=\"text-align: justify;\">Retreats bieten die M\u00f6glchkeit, sich f\u00fcr mehrere Tage in einem daf\u00fcr geschafennen Rahmen ganz auf sich selbst zu besinnen, tiefer zu gehen, aufzutanken, ganz zur Ruhe zu kommen.<\/p>\n<p>[\/et_pb_text][\/et_pb_column][et_pb_column type=&#8220;1_3&#8243; _builder_version=&#8220;4.20.0&#8243; _module_preset=&#8220;default&#8220; global_colors_info=&#8220;{}&#8220;][et_pb_image src=&#8220;https:\/\/davidikonomou.de\/wp-content\/uploads\/2024\/09\/Bild-05.09.24-um-10.56.jpeg&#8220; title_text=&#8220;Bild 05.09.24 um 10.56&#8243; align=&#8220;center&#8220; _builder_version=&#8220;4.23.1&#8243; _module_preset=&#8220;default&#8220; background_color=&#8220;rgba(0,0,0,0.04)&#8220; height=&#8220;20rem&#8220; max_height=&#8220;20rem&#8220; custom_margin=&#8220;||||false|false&#8220; box_shadow_style=&#8220;preset4&#8243; box_shadow_horizontal=&#8220;0px&#8220; box_shadow_vertical=&#8220;0px&#8220; box_shadow_color=&#8220;rgba(0,0,0,0.05)&#8220; global_colors_info=&#8220;{}&#8220; transform_styles__hover_enabled=&#8220;on|hover&#8220; box_shadow_spread__hover=&#8220;30px&#8220; box_shadow_spread__hover_enabled=&#8220;on|hover&#8220; transform_scale__hover=&#8220;90%|90%&#8220; transform_scale__hover_enabled=&#8220;on|hover&#8220; transform_translate__hover_enabled=&#8220;on|desktop&#8220; transform_rotate__hover_enabled=&#8220;on|desktop&#8220; transform_skew__hover_enabled=&#8220;on|desktop&#8220; transform_origin__hover_enabled=&#8220;on|desktop&#8220;][\/et_pb_image][et_pb_text _builder_version=&#8220;4.22.1&#8243; _module_preset=&#8220;787a425d-be8a-4c63-a527-3c2dfef2e202&#8243; header_text_color=&#8220;#FFFFFF&#8220; header_4_text_color=&#8220;#FFFFFF&#8220; header_4_font_size=&#8220;18px&#8220; header_4_letter_spacing=&#8220;0em&#8220; custom_margin=&#8220;||10px||false|false&#8220; header_4_letter_spacing_tablet=&#8220;0em&#8220; header_4_letter_spacing_phone=&#8220;0em&#8220; header_4_letter_spacing_last_edited=&#8220;on|desktop&#8220; global_colors_info=&#8220;{}&#8220;]<\/p>\n<h4>Intensivwochenenden<\/h4>\n<p>[\/et_pb_text][et_pb_text _builder_version=&#8220;4.22.1&#8243; _module_preset=&#8220;a5b46e16-1a5a-4ab1-a1bc-957a91a7f254&#8243; text_font=&#8220;Karla|300|||||||&#8220; text_text_color=&#8220;#FFFFFF&#8220; text_font_size=&#8220;18px&#8220; global_colors_info=&#8220;{}&#8220;]<\/p>\n<p style=\"text-align: justify;\">Zusammen mit meiner Partnerin Joana Marcus bieten wir 2025 zwei Intensivwochenenden im Seminarhaus Warburg an.<\/p>\n<p style=\"text-align: justify;\">Das derzeitige Format nennen wir Yoga-Embodiment-Stimme (YES).\u00a0<\/p>\n<p>[\/et_pb_text][\/et_pb_column][et_pb_column type=&#8220;1_3&#8243; _builder_version=&#8220;4.20.0&#8243; _module_preset=&#8220;default&#8220; global_colors_info=&#8220;{}&#8220;][et_pb_image src=&#8220;https:\/\/davidikonomou.de\/wp-content\/uploads\/2025\/01\/kevin-kratzer-BcNx3XqjOq4-unsplash-1-scaled.jpg&#8220; title_text=&#8220;kevin-kratzer-BcNx3XqjOq4-unsplash&#8220; align=&#8220;center&#8220; _builder_version=&#8220;4.23.1&#8243; _module_preset=&#8220;default&#8220; background_color=&#8220;rgba(0,0,0,0.04)&#8220; height=&#8220;20rem&#8220; max_height=&#8220;20rem&#8220; custom_margin=&#8220;||||false|false&#8220; box_shadow_style=&#8220;preset4&#8243; box_shadow_horizontal=&#8220;0px&#8220; box_shadow_vertical=&#8220;0px&#8220; box_shadow_color=&#8220;rgba(0,0,0,0.05)&#8220; global_colors_info=&#8220;{}&#8220; transform_styles__hover_enabled=&#8220;on|hover&#8220; box_shadow_spread__hover=&#8220;30px&#8220; box_shadow_spread__hover_enabled=&#8220;on|hover&#8220; transform_scale__hover=&#8220;90%|90%&#8220; transform_scale__hover_enabled=&#8220;on|hover&#8220; transform_translate__hover_enabled=&#8220;on|desktop&#8220; transform_rotate__hover_enabled=&#8220;on|desktop&#8220; transform_skew__hover_enabled=&#8220;on|desktop&#8220; transform_origin__hover_enabled=&#8220;on|desktop&#8220;][\/et_pb_image][et_pb_text _builder_version=&#8220;4.22.1&#8243; _module_preset=&#8220;787a425d-be8a-4c63-a527-3c2dfef2e202&#8243; header_text_color=&#8220;#FFFFFF&#8220; header_4_text_color=&#8220;#FFFFFF&#8220; header_4_font_size=&#8220;18px&#8220; header_4_letter_spacing=&#8220;0em&#8220; custom_margin=&#8220;||10px||false|false&#8220; header_4_letter_spacing_tablet=&#8220;0em&#8220; header_4_letter_spacing_phone=&#8220;0em&#8220; header_4_letter_spacing_last_edited=&#8220;on|desktop&#8220; global_colors_info=&#8220;{}&#8220;]<\/p>\n<h4>Bildungsurlaube<\/h4>\n<p>[\/et_pb_text][et_pb_text _builder_version=&#8220;4.22.1&#8243; _module_preset=&#8220;a5b46e16-1a5a-4ab1-a1bc-957a91a7f254&#8243; text_font=&#8220;Karla|300|||||||&#8220; text_text_color=&#8220;#FFFFFF&#8220; text_font_size=&#8220;18px&#8220; global_colors_info=&#8220;{}&#8220;]<\/p>\n<p style=\"text-align: justify;\">Bildungsurlaube sind vom Land gef\u00f6rderte Bildungsma\u00dfnahmen, die ich regelm\u00e4\u00dfig an wunderbaren Seminarorten an der Nordsee in Zusammenarbeit mit dem Bildungsforum Lernwelten Bonn abhalte. Inhaltlich gibt es derzeit 3 verschiedene Themen-Formate.<\/p>\n<p>[\/et_pb_text][\/et_pb_column][\/et_pb_row][et_pb_row custom_padding_last_edited=&#8220;on|phone&#8220; _builder_version=&#8220;4.22.1&#8243; _module_preset=&#8220;default&#8220; width=&#8220;100%&#8220; max_width=&#8220;100%&#8220; custom_padding=&#8220;|5em|||false|false&#8220; custom_padding_tablet=&#8220;|0em|||false|false&#8220; custom_padding_phone=&#8220;|0em|||false|false&#8220; global_colors_info=&#8220;{}&#8220;][et_pb_column type=&#8220;4_4&#8243; _builder_version=&#8220;4.22.0&#8243; _module_preset=&#8220;default&#8220; global_colors_info=&#8220;{}&#8220;][et_pb_button button_url=&#8220;https:\/\/davidikonomou.de\/retreats&#8220; button_text=&#8220;Mehr erfahren&#8220; button_alignment=&#8220;center&#8220; _builder_version=&#8220;4.22.1&#8243; _module_preset=&#8220;default&#8220; custom_button=&#8220;on&#8220; button_text_color=&#8220;#353535&#8243; button_bg_color=&#8220;#FFFFFF&#8220; button_border_width=&#8220;0px&#8220; button_border_radius=&#8220;0px&#8220; button_font=&#8220;Karla||||||||&#8220; button_use_icon=&#8220;off&#8220; custom_padding=&#8220;||||false|false&#8220; global_colors_info=&#8220;{}&#8220; transform_styles__hover_enabled=&#8220;on|hover&#8220; transform_scale__hover=&#8220;104%|104%&#8220; transform_scale__hover_enabled=&#8220;on|hover&#8220; transform_translate__hover_enabled=&#8220;on|desktop&#8220; transform_rotate__hover_enabled=&#8220;on|desktop&#8220; transform_skew__hover_enabled=&#8220;on|desktop&#8220; transform_origin__hover_enabled=&#8220;on|desktop&#8220;][\/et_pb_button][\/et_pb_column][\/et_pb_row][\/et_pb_section][et_pb_section fb_built=&#8220;1&#8243; custom_padding_last_edited=&#8220;on|tablet&#8220; admin_label=&#8220;About&#8220; _builder_version=&#8220;4.22.1&#8243; _module_preset=&#8220;default&#8220; background_enable_image=&#8220;off&#8220; custom_padding=&#8220;5em||2em||false|false&#8220; custom_padding_tablet=&#8220;2em||2em||true|false&#8220; custom_padding_phone=&#8220;2em||2em||true|false&#8220; background_last_edited=&#8220;off|desktop&#8220; background_position_tablet=&#8220;center&#8220; background_position_phone=&#8220;center&#8220; collapsed=&#8220;on&#8220; global_colors_info=&#8220;{}&#8220;][et_pb_row custom_padding_last_edited=&#8220;on|tablet&#8220; _builder_version=&#8220;4.21.0&#8243; _module_preset=&#8220;default&#8220; width=&#8220;100%&#8220; max_width=&#8220;100%&#8220; custom_padding=&#8220;|120px||120px|false|true&#8220; custom_padding_tablet=&#8220;|8%||8%|false|true&#8220; custom_padding_phone=&#8220;||||false|false&#8220; global_colors_info=&#8220;{}&#8220;][et_pb_column type=&#8220;4_4&#8243; _builder_version=&#8220;4.20.0&#8243; _module_preset=&#8220;default&#8220; global_colors_info=&#8220;{}&#8220;][et_pb_icon font_icon=&#8220;&#x7c;||divi||400&#8243; icon_width=&#8220;45px&#8220; _builder_version=&#8220;4.22.1&#8243; _module_preset=&#8220;default&#8220; global_colors_info=&#8220;{}&#8220;][\/et_pb_icon][\/et_pb_column][\/et_pb_row][et_pb_row column_structure=&#8220;1_3,1_3,1_3&#8243; _builder_version=&#8220;4.22.1&#8243; _module_preset=&#8220;default&#8220; global_colors_info=&#8220;{}&#8220;][et_pb_column type=&#8220;1_3&#8243; _builder_version=&#8220;4.22.1&#8243; _module_preset=&#8220;default&#8220; global_colors_info=&#8220;{}&#8220;][et_pb_text _builder_version=&#8220;4.22.1&#8243; _module_preset=&#8220;default&#8220; text_font=&#8220;Karla|300|||||||&#8220; text_text_color=&#8220;#000000&#8243; text_font_size=&#8220;18px&#8220; text_line_height=&#8220;1.8em&#8220; header_3_font=&#8220;Cormorant Garamond|700||on|||||&#8220; header_3_text_color=&#8220;#000000&#8243; header_3_line_height=&#8220;1.8em&#8220; global_colors_info=&#8220;{}&#8220;]<\/p>\n<p>&#8222;&#8220;Ich h\u00f6re mir endlich wieder zu: Was sagt meine Stimme, wenn ich sie wahmehme und mich davon ber\u00fchren lasse? Welches Gef\u00fchl und welche Perspektiven entstehen, wenn ich W\u00fcnsche ausspreche? Keine Angst. Nur Liebe. Ich bin unendlich dankbar f\u00fcr diesen gesch\u00fctzten und starken Start in mein neues Jahr und ich kann diese Erfahrung von ganzem Herzen empfehlen. Joana und David geben den Teilnehmenden im Rahmen des Retreats die M\u00f6glichkeit, in Kontakt zu kommen mit sich selbst und mit anderen.&#8220;<\/p>\n<h3>Anna-Maria, Berlin<\/h3>\n<p>[\/et_pb_text][\/et_pb_column][et_pb_column type=&#8220;1_3&#8243; _builder_version=&#8220;4.22.1&#8243; _module_preset=&#8220;default&#8220; global_colors_info=&#8220;{}&#8220;][et_pb_text _builder_version=&#8220;4.22.1&#8243; _module_preset=&#8220;default&#8220; text_font=&#8220;Karla|300|||||||&#8220; text_text_color=&#8220;#000000&#8243; text_font_size=&#8220;18px&#8220; text_line_height=&#8220;1.8em&#8220; header_3_font=&#8220;Cormorant Garamond|700||on|||||&#8220; header_3_text_color=&#8220;#000000&#8243; header_3_line_height=&#8220;1.8em&#8220; global_colors_info=&#8220;{}&#8220;]<\/p>\n<p>&#8222;Atmen, singen und flie\u00dfen haben mich wieder in meine Mitte gebracht. Achtsam, tiefgehend und liebevoll. Die Yogastunde war die sch\u00f6nste, die ich bisher erlebt habe.&#8220;<\/p>\n<h3>Nicole, Gevelsberg<\/h3>\n<p>[\/et_pb_text][\/et_pb_column][et_pb_column type=&#8220;1_3&#8243; _builder_version=&#8220;4.22.1&#8243; _module_preset=&#8220;default&#8220; global_colors_info=&#8220;{}&#8220;][et_pb_text _builder_version=&#8220;4.22.1&#8243; _module_preset=&#8220;default&#8220; text_font=&#8220;Karla|300|||||||&#8220; text_text_color=&#8220;#000000&#8243; text_font_size=&#8220;18px&#8220; text_line_height=&#8220;1.8em&#8220; header_3_font=&#8220;Cormorant Garamond|700||on|||||&#8220; header_3_text_color=&#8220;#000000&#8243; header_3_line_height=&#8220;1.8em&#8220; global_colors_info=&#8220;{}&#8220;]<\/p>\n<p>&#8222;The breath, voice, body and movement sessions were lovingly intense, empowering and soothing. Joana and David held the space with grace and compassion. Thank you from the bottom of my heart. I am already looking forward to next<br \/>year.&#8220;<\/p>\n<h3>Nora, Berlin<\/h3>\n<p>[\/et_pb_text][\/et_pb_column][\/et_pb_row][\/et_pb_section][et_pb_section fb_built=&#8220;1&#8243; custom_padding_last_edited=&#8220;on|desktop&#8220; admin_label=&#8220;About&#8220; _builder_version=&#8220;4.22.1&#8243; _module_preset=&#8220;default&#8220; background_enable_image=&#8220;off&#8220; custom_padding=&#8220;2em||2em||true|false&#8220; custom_padding_tablet=&#8220;2em||2em||true|false&#8220; custom_padding_phone=&#8220;2em||2em||true|false&#8220; background_last_edited=&#8220;off|desktop&#8220; background_position_tablet=&#8220;center&#8220; background_position_phone=&#8220;center&#8220; collapsed=&#8220;on&#8220; global_colors_info=&#8220;{}&#8220;][et_pb_row column_structure=&#8220;1_3,2_3&#8243; custom_padding_last_edited=&#8220;on|tablet&#8220; _builder_version=&#8220;4.22.1&#8243; _module_preset=&#8220;default&#8220; width=&#8220;100%&#8220; max_width=&#8220;100%&#8220; custom_padding=&#8220;|120px||120px|false|true&#8220; custom_padding_tablet=&#8220;|8%||8%|false|true&#8220; custom_padding_phone=&#8220;||||false|false&#8220; global_colors_info=&#8220;{}&#8220; custom_css_main_element_last_edited=&#8220;on|tablet&#8220; custom_css_main_element_tablet=&#8220;display:flex;&#8220; custom_css_main_element_phone=&#8220; &#8222;][et_pb_column type=&#8220;1_3&#8243; _builder_version=&#8220;4.20.0&#8243; _module_preset=&#8220;default&#8220; global_colors_info=&#8220;{}&#8220;][et_pb_image src=&#8220;https:\/\/davidikonomou.de\/wp-content\/uploads\/2024\/06\/C84D3F57-E09A-43DA-8271-FB3B3A97096F-1.jpeg&#8220; title_text=&#8220;C84D3F57-E09A-43DA-8271-FB3B3A97096F&#8220; _builder_version=&#8220;4.23.1&#8243; _module_preset=&#8220;default&#8220; width=&#8220;20vw&#8220; width_tablet=&#8220;auto&#8220; width_phone=&#8220;auto&#8220; width_last_edited=&#8220;on|tablet&#8220; global_colors_info=&#8220;{}&#8220;][\/et_pb_image][\/et_pb_column][et_pb_column type=&#8220;2_3&#8243; _builder_version=&#8220;4.20.0&#8243; _module_preset=&#8220;default&#8220; global_colors_info=&#8220;{}&#8220;][et_pb_text _builder_version=&#8220;4.22.1&#8243; _module_preset=&#8220;2a7db551-1432-45db-903b-3583f0f1b067&#8243; header_2_font=&#8220;Cormorant Garamond|700||on|||||&#8220; header_2_text_color=&#8220;#353535&#8243; header_2_font_size=&#8220;70px&#8220; header_2_letter_spacing=&#8220;0.1em&#8220; text_orientation=&#8220;center&#8220; custom_margin=&#8220;||10px||false|false&#8220; header_2_font_size_phone=&#8220;22px&#8220; global_colors_info=&#8220;{}&#8220;]<\/p>\n<h2>\u00dcber David<\/h2>\n<p>[\/et_pb_text][et_pb_text _builder_version=&#8220;4.22.1&#8243; _module_preset=&#8220;b0c7e67f-b2f5-4388-a38e-7028b4bb5039&#8243; text_font=&#8220;Karla|300|||||||&#8220; text_text_color=&#8220;#353535&#8243; text_font_size=&#8220;18px&#8220; text_orientation=&#8220;center&#8220; custom_padding_tablet=&#8220;|||1em|false|false&#8220; custom_padding_phone=&#8220;|||1em|false|false&#8220; custom_padding_last_edited=&#8220;on|tablet&#8220; text_font_size_tablet=&#8220;15px&#8220; global_colors_info=&#8220;{}&#8220;]<\/p>\n<p><b>David Ikonomou <\/b>ist Musiker, Stimmforscher, Singkreisleiter und Yogalehrer.<\/p>\n<p class=\"p1\">Er kreiert und h\u00e4lt kraftvolle transformative R\u00e4ume, in denen ein respektvolles, wertfreies Miteinander kultiviert werden.<span class=\"Apple-converted-space\">\u00a0<\/span><\/p>\n<p class=\"p1\">Er sch\u00f6pft aus einem reichen Erfahrungsschatz in der Anleitung von Meditationen in Gruppen, und bringt ein gro\u00dfes Spektrum an Blickwinkeln, Werkzeugen, Melodien und Liedern aus aller Welt mit.<span class=\"Apple-converted-space\">\u00a0<\/span><\/p>\n<p>[\/et_pb_text][\/et_pb_column][\/et_pb_row][\/et_pb_section][et_pb_section fb_built=&#8220;1&#8243; custom_padding_last_edited=&#8220;on|tablet&#8220; disabled_on=&#8220;off|off|off&#8220; admin_label=&#8220;Footer&#8220; module_id=&#8220;kontakt&#8220; _builder_version=&#8220;4.22.1&#8243; _module_preset=&#8220;default&#8220; background_color=&#8220;#3c6255&#8243; custom_padding=&#8220;5em||5em||true|false&#8220; custom_padding_tablet=&#8220;2em||2em||true|false&#8220; custom_padding_phone=&#8220;2em||2em||true|false&#8220; saved_tabs=&#8220;all&#8220; collapsed=&#8220;on&#8220; global_colors_info=&#8220;{}&#8220;][et_pb_row _builder_version=&#8220;4.20.0&#8243; _module_preset=&#8220;default&#8220; global_colors_info=&#8220;{}&#8220;][et_pb_column type=&#8220;4_4&#8243; _builder_version=&#8220;4.20.0&#8243; _module_preset=&#8220;default&#8220; global_colors_info=&#8220;{}&#8220;][et_pb_text _builder_version=&#8220;4.21.2&#8243; _module_preset=&#8220;c9581abc-0c89-4afe-a49f-fb7d6adab114&#8243; header_2_font=&#8220;Cormorant Garamond|700||on|||||&#8220; header_2_text_color=&#8220;#FFFFFF&#8220; header_2_font_size=&#8220;70px&#8220; header_2_letter_spacing=&#8220;0.1em&#8220; text_orientation=&#8220;center&#8220; global_colors_info=&#8220;{}&#8220;]<\/p>\n<h2>Ich freue mich auf deine Nachricht:<\/h2>\n<p>[\/et_pb_text][et_pb_contact_form email=&#8220;daviko@gmx.net&#8220; custom_message=&#8220;Neue Nachricht von deiner Webseite:||et_pb_line_break_holder||||et_pb_line_break_holder||Name: %%Name%%||et_pb_line_break_holder||E-Mail: %%Email%%||et_pb_line_break_holder||Nachricht:||et_pb_line_break_holder||%%Message%%&#8220; submit_button_text=&#8220;Senden&#8220; _builder_version=&#8220;4.22.1&#8243; _module_preset=&#8220;421187aa-b44c-47d2-b22d-2bdd81c8020c&#8220; captcha_font=&#8220;Karla|300|||||||&#8220; captcha_text_color=&#8220;#FFFFFF&#8220; form_field_font=&#8220;Karla|300|||||||&#8220; form_field_font_size=&#8220;18px&#8220; form_field_letter_spacing=&#8220;0em&#8220; button_text_size=&#8220;20px&#8220; button_text_color=&#8220;#353535&#8243; button_letter_spacing=&#8220;0em&#8220; button_font=&#8220;Karla|500|||||||&#8220; button_use_icon=&#8220;off&#8220; button_custom_padding=&#8220;5px|30px|5px|30px|true|true&#8220; button_custom_padding_tablet=&#8220;5px|30px|5px|30px|true|true&#8220; button_custom_padding_phone=&#8220;14px|20px|14px|20px|true|true&#8220; button_custom_padding_last_edited=&#8220;on|phone&#8220; max_width=&#8220;700px&#8220; module_alignment=&#8220;center&#8220; button_text_size_tablet=&#8220;20px&#8220; button_text_size_phone=&#8220;16px&#8220; button_text_size_last_edited=&#8220;on|phone&#8220; locked=&#8220;off&#8220; global_colors_info=&#8220;{}&#8220; transform_styles__hover_enabled=&#8220;on|hover&#8220; transform_scale__hover_enabled=&#8220;on|hover&#8220; transform_translate__hover_enabled=&#8220;on|desktop&#8220; transform_rotate__hover_enabled=&#8220;on|desktop&#8220; transform_skew__hover_enabled=&#8220;on|desktop&#8220; transform_origin__hover_enabled=&#8220;on|desktop&#8220; custom_css_contact_button__hover_enabled=&#8220;on|hover&#8220;][et_pb_contact_field field_id=&#8220;Name&#8220; field_title=&#8220;Name&#8220; fullwidth_field=&#8220;on&#8220; _builder_version=&#8220;4.22.1&#8243; _module_preset=&#8220;default&#8220; global_colors_info=&#8220;{}&#8220; button_text_size__hover_enabled=&#8220;off&#8220; button_one_text_size__hover_enabled=&#8220;off&#8220; button_two_text_size__hover_enabled=&#8220;off&#8220; button_text_color__hover_enabled=&#8220;off&#8220; button_one_text_color__hover_enabled=&#8220;off&#8220; button_two_text_color__hover_enabled=&#8220;off&#8220; button_border_width__hover_enabled=&#8220;off&#8220; button_one_border_width__hover_enabled=&#8220;off&#8220; button_two_border_width__hover_enabled=&#8220;off&#8220; button_border_color__hover_enabled=&#8220;off&#8220; button_one_border_color__hover_enabled=&#8220;off&#8220; button_two_border_color__hover_enabled=&#8220;off&#8220; button_border_radius__hover_enabled=&#8220;off&#8220; button_one_border_radius__hover_enabled=&#8220;off&#8220; button_two_border_radius__hover_enabled=&#8220;off&#8220; button_letter_spacing__hover_enabled=&#8220;off&#8220; button_one_letter_spacing__hover_enabled=&#8220;off&#8220; button_two_letter_spacing__hover_enabled=&#8220;off&#8220; button_bg_color__hover_enabled=&#8220;off&#8220; button_one_bg_color__hover_enabled=&#8220;off&#8220; button_two_bg_color__hover_enabled=&#8220;off&#8220;][\/et_pb_contact_field][et_pb_contact_field field_id=&#8220;Email&#8220; field_title=&#8220;Email&#8220; field_type=&#8220;email&#8220; fullwidth_field=&#8220;on&#8220; _builder_version=&#8220;4.22.1&#8243; _module_preset=&#8220;default&#8220; global_colors_info=&#8220;{}&#8220; button_text_size__hover_enabled=&#8220;off&#8220; button_one_text_size__hover_enabled=&#8220;off&#8220; button_two_text_size__hover_enabled=&#8220;off&#8220; button_text_color__hover_enabled=&#8220;off&#8220; button_one_text_color__hover_enabled=&#8220;off&#8220; button_two_text_color__hover_enabled=&#8220;off&#8220; button_border_width__hover_enabled=&#8220;off&#8220; button_one_border_width__hover_enabled=&#8220;off&#8220; button_two_border_width__hover_enabled=&#8220;off&#8220; button_border_color__hover_enabled=&#8220;off&#8220; button_one_border_color__hover_enabled=&#8220;off&#8220; button_two_border_color__hover_enabled=&#8220;off&#8220; button_border_radius__hover_enabled=&#8220;off&#8220; button_one_border_radius__hover_enabled=&#8220;off&#8220; button_two_border_radius__hover_enabled=&#8220;off&#8220; button_letter_spacing__hover_enabled=&#8220;off&#8220; button_one_letter_spacing__hover_enabled=&#8220;off&#8220; button_two_letter_spacing__hover_enabled=&#8220;off&#8220; button_bg_color__hover_enabled=&#8220;off&#8220; button_one_bg_color__hover_enabled=&#8220;off&#8220; button_two_bg_color__hover_enabled=&#8220;off&#8220;][\/et_pb_contact_field][et_pb_contact_field field_id=&#8220;Message&#8220; field_title=&#8220;Nachricht&#8220; field_type=&#8220;text&#8220; fullwidth_field=&#8220;on&#8220; _builder_version=&#8220;4.22.1&#8243; _module_preset=&#8220;default&#8220; global_colors_info=&#8220;{}&#8220; button_text_size__hover_enabled=&#8220;off&#8220; button_one_text_size__hover_enabled=&#8220;off&#8220; button_two_text_size__hover_enabled=&#8220;off&#8220; button_text_color__hover_enabled=&#8220;off&#8220; button_one_text_color__hover_enabled=&#8220;off&#8220; button_two_text_color__hover_enabled=&#8220;off&#8220; button_border_width__hover_enabled=&#8220;off&#8220; button_one_border_width__hover_enabled=&#8220;off&#8220; button_two_border_width__hover_enabled=&#8220;off&#8220; button_border_color__hover_enabled=&#8220;off&#8220; button_one_border_color__hover_enabled=&#8220;off&#8220; button_two_border_color__hover_enabled=&#8220;off&#8220; button_border_radius__hover_enabled=&#8220;off&#8220; button_one_border_radius__hover_enabled=&#8220;off&#8220; button_two_border_radius__hover_enabled=&#8220;off&#8220; button_letter_spacing__hover_enabled=&#8220;off&#8220; button_one_letter_spacing__hover_enabled=&#8220;off&#8220; button_two_letter_spacing__hover_enabled=&#8220;off&#8220; button_bg_color__hover_enabled=&#8220;off&#8220; button_one_bg_color__hover_enabled=&#8220;off&#8220; button_two_bg_color__hover_enabled=&#8220;off&#8220;][\/et_pb_contact_field][\/et_pb_contact_form][et_pb_social_media_follow _builder_version=&#8220;4.22.1&#8243; _module_preset=&#8220;default&#8220; text_orientation=&#8220;center&#8220; text_orientation_tablet=&#8220;center&#8220; text_orientation_phone=&#8220;center&#8220; text_orientation_last_edited=&#8220;on|phone&#8220; border_radii=&#8220;on|100px|100px|100px|100px&#8220; border_width_all=&#8220;1px&#8220; border_color_all=&#8220;#FFFFFF&#8220; locked=&#8220;off&#8220; global_colors_info=&#8220;{}&#8220;][et_pb_social_media_follow_network social_network=&#8220;facebook&#8220; url=&#8220;https:\/\/www.facebook.com\/profile.php?id=100064570906967&#8243; use_icon_font_size=&#8220;on&#8220; _builder_version=&#8220;4.22.1&#8243; _module_preset=&#8220;default&#8220; custom_padding=&#8220;4px|4px|4px|4px|true|true&#8220; global_colors_info=&#8220;{}&#8220; follow_button=&#8220;off&#8220; url_new_window=&#8220;on&#8220;]facebook[\/et_pb_social_media_follow_network][et_pb_social_media_follow_network social_network=&#8220;bandcamp&#8220; url=&#8220;https:\/\/amrit.bandcamp.com\/album\/amrit&#8220; use_icon_font_size=&#8220;on&#8220; _builder_version=&#8220;4.22.1&#8243; _module_preset=&#8220;default&#8220; background_color=&#8220;#629aa9&#8243; custom_padding=&#8220;4px|4px|4px|4px|true|true&#8220; global_colors_info=&#8220;{}&#8220; follow_button=&#8220;off&#8220; url_new_window=&#8220;on&#8220;]bandcamp[\/et_pb_social_media_follow_network][\/et_pb_social_media_follow][\/et_pb_column][\/et_pb_row][et_pb_row column_structure=&#8220;1_3,1_3,1_3&#8243; _builder_version=&#8220;4.21.0&#8243; _module_preset=&#8220;default&#8220; border_color_all=&#8220;gcid-e6f8585f-043d-4f05-ad96-fb05b9e45208&#8243; border_width_top=&#8220;1px&#8220; border_color_top=&#8220;#FFFFFF&#8220; global_colors_info=&#8220;{%22gcid-e6f8585f-043d-4f05-ad96-fb05b9e45208%22:%91%22border_color_all%22%93}&#8220;][et_pb_column type=&#8220;1_3&#8243; _builder_version=&#8220;4.20.0&#8243; _module_preset=&#8220;default&#8220; global_colors_info=&#8220;{}&#8220;][et_pb_text _builder_version=&#8220;4.21.2&#8243; _module_preset=&#8220;6c7e82c3-bb25-4ae7-91bb-6271ccfcb184&#8243; header_5_text_color=&#8220;#FFFFFF&#8220; custom_margin=&#8220;||0px||false|false&#8220; text_orientation_tablet=&#8220;center&#8220; text_orientation_phone=&#8220;&#8220; text_orientation_last_edited=&#8220;on|tablet&#8220; global_colors_info=&#8220;{}&#8220;]<\/p>\n<h5>Anschrift<\/h5>\n<p>[\/et_pb_text][et_pb_text _builder_version=&#8220;4.22.1&#8243; _module_preset=&#8220;a5b46e16-1a5a-4ab1-a1bc-957a91a7f254&#8243; text_font=&#8220;Karla|300|||||||&#8220; text_text_color=&#8220;#FFFFFF&#8220; text_font_size=&#8220;18px&#8220; link_text_color=&#8220;gcid-e6f8585f-043d-4f05-ad96-fb05b9e45208&#8243; text_font_size_tablet=&#8220;18px&#8220; text_font_size_phone=&#8220;18px&#8220; text_font_size_last_edited=&#8220;on|phone&#8220; text_orientation_tablet=&#8220;center&#8220; text_orientation_phone=&#8220;&#8220; text_orientation_last_edited=&#8220;on|tablet&#8220; global_colors_info=&#8220;{%22gcid-e6f8585f-043d-4f05-ad96-fb05b9e45208%22:%91%22link_text_color%22%93}&#8220;]<\/p>\n<p>Seminarhaus Warburg<br \/>B\u00f6rdestra\u00dfe 3<br \/>34414 Warburg<\/p>\n<p>[\/et_pb_text][\/et_pb_column][et_pb_column type=&#8220;1_3&#8243; _builder_version=&#8220;4.20.0&#8243; _module_preset=&#8220;default&#8220; global_colors_info=&#8220;{}&#8220;][et_pb_text _builder_version=&#8220;4.21.2&#8243; _module_preset=&#8220;6c7e82c3-bb25-4ae7-91bb-6271ccfcb184&#8243; header_5_text_color=&#8220;#FFFFFF&#8220; text_orientation=&#8220;center&#8220; custom_margin=&#8220;||0px||false|false&#8220; global_colors_info=&#8220;{}&#8220;]<\/p>\n<h5>Telefon<\/h5>\n<p>[\/et_pb_text][et_pb_text _builder_version=&#8220;4.22.1&#8243; _module_preset=&#8220;a5b46e16-1a5a-4ab1-a1bc-957a91a7f254&#8243; text_font=&#8220;Karla|300|||||||&#8220; text_text_color=&#8220;#FFFFFF&#8220; text_font_size=&#8220;18px&#8220; link_font=&#8220;Karla|300|||||||&#8220; link_text_color=&#8220;#FFFFFF&#8220; link_font_size=&#8220;18px&#8220; text_font_tablet=&#8220;Karla|300|||||||&#8220; text_font_phone=&#8220;Karla|300|||||||&#8220; text_font_last_edited=&#8220;on|phone&#8220; link_font_size_tablet=&#8220;15px&#8220; link_font_size_phone=&#8220;14px&#8220; link_font_size_last_edited=&#8220;on|phone&#8220; text_orientation_tablet=&#8220;center&#8220; text_orientation_phone=&#8220;center&#8220; text_orientation_last_edited=&#8220;on|tablet&#8220; global_colors_info=&#8220;{}&#8220;]<\/p>\n<p style=\"text-align: center;\"><span>+49 157 &#8211; 34619348<\/span><\/p>\n<p>[\/et_pb_text][\/et_pb_column][et_pb_column type=&#8220;1_3&#8243; _builder_version=&#8220;4.20.0&#8243; _module_preset=&#8220;default&#8220; global_colors_info=&#8220;{}&#8220;][et_pb_text _builder_version=&#8220;4.20.0&#8243; _module_preset=&#8220;6c7e82c3-bb25-4ae7-91bb-6271ccfcb184&#8243; header_5_text_color=&#8220;#FFFFFF&#8220; text_orientation=&#8220;right&#8220; custom_margin=&#8220;||0px||false|false&#8220; text_orientation_tablet=&#8220;center&#8220; text_orientation_phone=&#8220;&#8220; text_orientation_last_edited=&#8220;on|tablet&#8220; global_colors_info=&#8220;{}&#8220;]<\/p>\n<h5>Email<\/h5>\n<p>[\/et_pb_text][et_pb_text content_tablet=&#8220;<\/p>\n<p style=\"%22text-align:\" center;%22><a href=\"\/en\/\"mailto:daviko@gmx.net\"\/\"><span>daviko@gmx.net<\/span><\/a><\/p>\n<p>&#8220; content_phone=&#8220;<\/p>\n<p style=\"%22text-align:\" center;%22><a href=\"\/en\/\"mailto:daviko@gmx.net\"\/\"><span>daviko@gmx.net<\/span><\/a><\/p>\n<p>&#8220; content_last_edited=&#8220;on|tablet&#8220; _builder_version=&#8220;4.22.1&#8243; _module_preset=&#8220;a5b46e16-1a5a-4ab1-a1bc-957a91a7f254&#8243; text_font=&#8220;Karla|300|||||||&#8220; text_text_color=&#8220;#FFFFFF&#8220; text_font_size=&#8220;18px&#8220; link_font=&#8220;Karla||||on||||&#8220; link_text_color=&#8220;#FFFFFF&#8220; link_option_url=&#8220;mailto:daviko@gmx.net&#8220; link_option_url_new_window=&#8220;on&#8220; text_orientation_tablet=&#8220;center&#8220; text_orientation_phone=&#8220;&#8220; text_orientation_last_edited=&#8220;on|tablet&#8220; global_colors_info=&#8220;{}&#8220;]<\/p>\n<p style=\"text-align: right;\"><a href=\"mailto:daviko@gmx.net\"><span>daviko@gmx.net<\/span><\/a><\/p>\n<p>[\/et_pb_text][\/et_pb_column][\/et_pb_row][\/et_pb_section]<\/p>","protected":false},"excerpt":{"rendered":"<p>Stimme | Musik | YogaDavid IkonomouStimmeDie Stimme ist die K\u00f6nigin der Instrumente, weil sie Teil unserer nat\u00fcrlichen Ausstattung ist und somit unseren K\u00f6rper, also uns selbst zum Musikinstrument macht. Vokalmusik ist wohl einer der \u00e4ltesten Str\u00e4nge der menschlichen Musikgeschichte.MusikSeit fr\u00fchem Erwachsenenalter war ich Teil verschiedener Musikprojekte in Deutschland und Griechenland. Mein Hauptinteresse an Musik ist [&hellip;]<\/p>","protected":false},"author":1,"featured_media":0,"parent":0,"menu_order":0,"comment_status":"closed","ping_status":"closed","template":"","meta":{"_et_pb_use_builder":"on","_et_pb_old_content":"","_et_gb_content_width":"","footnotes":""},"_links":{"self":[{"href":"https:\/\/davidikonomou.de\/en\/wp-json\/wp\/v2\/pages\/8"}],"collection":[{"href":"https:\/\/davidikonomou.de\/en\/wp-json\/wp\/v2\/pages"}],"about":[{"href":"https:\/\/davidikonomou.de\/en\/wp-json\/wp\/v2\/types\/page"}],"author":[{"embeddable":true,"href":"https:\/\/davidikonomou.de\/en\/wp-json\/wp\/v2\/users\/1"}],"replies":[{"embeddable":true,"href":"https:\/\/davidikonomou.de\/en\/wp-json\/wp\/v2\/comments?post=8"}],"version-history":[{"count":147,"href":"https:\/\/davidikonomou.de\/en\/wp-json\/wp\/v2\/pages\/8\/revisions"}],"predecessor-version":[{"id":715,"href":"https:\/\/davidikonomou.de\/en\/wp-json\/wp\/v2\/pages\/8\/revisions\/715"}],"wp:attachment":[{"href":"https:\/\/davidikonomou.de\/en\/wp-json\/wp\/v2\/media?parent=8"}],"curies":[{"name":"wp","href":"https:\/\/api.w.org\/{rel}","templated":true}]}}